{"id":1332,"date":"2024-07-01T16:38:47","date_gmt":"2024-07-01T20:38:47","guid":{"rendered":"https:\/\/redcientificacol.org\/?page_id=1332"},"modified":"2025-06-25T14:01:19","modified_gmt":"2025-06-25T14:01:19","slug":"red-de-redes-2","status":"publish","type":"page","link":"https:\/\/redcientificacol.org\/index.php\/red-de-redes-2\/","title":{"rendered":"Red de Redes"},"content":{"rendered":"\n<div class=\"wp-block-group alignfull has-background-color has-white-color has-black-background-color has-text-color has-background has-link-color wp-elements-a66769df7111e3caa55ba3d950adb56d has-global-padding is-layout-constrained wp-container-core-group-is-layout-23b1a4dc wp-block-group-is-layout-constrained\" style=\"padding-top:var(--wp--preset--spacing--30);padding-right:var(--wp--preset--spacing--30);padding-bottom:var(--wp--preset--spacing--30);padding-left:var(--wp--preset--spacing--30)\">\n<div class=\"wp-block-group alignwide is-content-justification-space-between is-layout-flex wp-container-core-group-is-layout-b585a4aa wp-block-group-is-layout-flex\">\n<div class=\"wp-block-group is-layout-flex wp-block-group-is-layout-flex\"><div class=\"is-default-size wp-block-site-logo\"><a href=\"https:\/\/redcientificacol.org\/\" class=\"custom-logo-link\" rel=\"home\"><img loading=\"lazy\" decoding=\"async\" width=\"461\" height=\"255\" src=\"https:\/\/redcientificacol.org\/wp-content\/uploads\/2023\/09\/cropped-cropped-Logo-red-web-official@4x-1.png\" class=\"custom-logo\" alt=\"Red Cientifica Colombia\" srcset=\"https:\/\/redcientificacol.org\/wp-content\/uploads\/2023\/09\/cropped-cropped-Logo-red-web-official@4x-1.png 461w, https:\/\/redcientificacol.org\/wp-content\/uploads\/2023\/09\/cropped-cropped-Logo-red-web-official@4x-1-300x166.png 300w\" sizes=\"auto, (max-width: 461px) 100vw, 461px\" \/><\/a><\/div>\n\n<h1 class=\"has-link-color wp-elements-f1e98d6c897e424c7d4e8232ded39f0a wp-block-site-title\"><a href=\"https:\/\/redcientificacol.org\" target=\"_self\" rel=\"home\">Red Cientifica Colombia<\/a><\/h1><\/div>\n\n\n\n<div class=\"wp-block-group is-layout-flex wp-block-group-is-layout-flex\"><nav class=\"is-responsive items-justified-right wp-block-navigation is-content-justification-right is-layout-flex wp-container-core-navigation-is-layout-f665d2b5 wp-block-navigation-is-layout-flex\" aria-label=\"Navigation\" \n\t\t data-wp-interactive=\"core\/navigation\" data-wp-context='{\"overlayOpenedBy\":{\"click\":false,\"hover\":false,\"focus\":false},\"type\":\"overlay\",\"roleAttribute\":\"\",\"ariaLabel\":\"Menu\"}'><button aria-haspopup=\"dialog\" aria-label=\"Open menu\" class=\"wp-block-navigation__responsive-container-open\" \n\t\t\t\tdata-wp-on--click=\"actions.openMenuOnClick\"\n\t\t\t\tdata-wp-on--keydown=\"actions.handleMenuKeydown\"\n\t\t\t><svg width=\"24\" height=\"24\" xmlns=\"http:\/\/www.w3.org\/2000\/svg\" viewBox=\"0 0 24 24\" aria-hidden=\"true\" focusable=\"false\"><path d=\"M4 7.5h16v1.5H4z\"><\/path><path d=\"M4 15h16v1.5H4z\"><\/path><\/svg><\/button>\n\t\t\t\t<div class=\"wp-block-navigation__responsive-container\"  id=\"modal-1\" \n\t\t\t\tdata-wp-class--has-modal-open=\"state.isMenuOpen\"\n\t\t\t\tdata-wp-class--is-menu-open=\"state.isMenuOpen\"\n\t\t\t\tdata-wp-watch=\"callbacks.initMenu\"\n\t\t\t\tdata-wp-on--keydown=\"actions.handleMenuKeydown\"\n\t\t\t\tdata-wp-on--focusout=\"actions.handleMenuFocusout\"\n\t\t\t\ttabindex=\"-1\"\n\t\t\t>\n\t\t\t\t\t<div class=\"wp-block-navigation__responsive-close\" tabindex=\"-1\">\n\t\t\t\t\t\t<div class=\"wp-block-navigation__responsive-dialog\" \n\t\t\t\tdata-wp-bind--aria-modal=\"state.ariaModal\"\n\t\t\t\tdata-wp-bind--aria-label=\"state.ariaLabel\"\n\t\t\t\tdata-wp-bind--role=\"state.roleAttribute\"\n\t\t\t>\n\t\t\t\t\t\t\t<button aria-label=\"Close menu\" class=\"wp-block-navigation__responsive-container-close\" \n\t\t\t\tdata-wp-on--click=\"actions.closeMenuOnClick\"\n\t\t\t><svg xmlns=\"http:\/\/www.w3.org\/2000\/svg\" viewBox=\"0 0 24 24\" width=\"24\" height=\"24\" aria-hidden=\"true\" focusable=\"false\"><path d=\"m13.06 12 6.47-6.47-1.06-1.06L12 10.94 5.53 4.47 4.47 5.53 10.94 12l-6.47 6.47 1.06 1.06L12 13.06l6.47 6.47 1.06-1.06L13.06 12Z\"><\/path><\/svg><\/button>\n\t\t\t\t\t\t\t<div class=\"wp-block-navigation__responsive-container-content\" \n\t\t\t\tdata-wp-watch=\"callbacks.focusFirstElement\"\n\t\t\t id=\"modal-1-content\">\n\t\t\t\t\t\t\t\t<ul class=\"wp-block-navigation__container is-responsive items-justified-right wp-block-navigation\"><li class=\" wp-block-navigation-item wp-block-navigation-link\"><a class=\"wp-block-navigation-item__content\"  href=\"https:\/\/redcientificacol.org\/index.php\/contacto\/\"><span class=\"wp-block-navigation-item__label\">\u00danete al directorio<\/span><\/a><\/li><li class=\" wp-block-navigation-item wp-block-navigation-link\"><a class=\"wp-block-navigation-item__content\"  href=\"https:\/\/redcientificacol.org\/index.php\/acerca-del-proyecto\/\"><span class=\"wp-block-navigation-item__label\">Proyecto<\/span><\/a><\/li><li class=\" wp-block-navigation-item wp-block-navigation-link\"><a class=\"wp-block-navigation-item__content\"  href=\"https:\/\/redcientificacol.org\/index.php\/red-de-redes-2\/\"><span class=\"wp-block-navigation-item__label\">Red de Redes<\/span><\/a><\/li><li class=\" wp-block-navigation-item wp-block-navigation-link\"><a class=\"wp-block-navigation-item__content\"  href=\"https:\/\/redcientificacol.org\/index.php\/equipo-de-trabajo\/\"><span class=\"wp-block-navigation-item__label\">Equipo de trabajo<\/span><\/a><\/li><li class=\" wp-block-navigation-item wp-block-navigation-link\"><a class=\"wp-block-navigation-item__content\"  href=\"https:\/\/redcientificacol.org\/index.php\/cop16-colombia\/\"><span class=\"wp-block-navigation-item__label\">Diplomacia Cient\u00edfica<\/span><\/a><\/li><\/ul>\n\t\t\t\t\t\t\t<\/div>\n\t\t\t\t\t\t<\/div>\n\t\t\t\t\t<\/div>\n\t\t\t\t<\/div><\/nav><\/div>\n<\/div>\n<\/div>\n\n\n\n<div class=\"wp-block-group alignfull has-global-padding is-content-justification-center is-layout-constrained wp-container-core-group-is-layout-df757ecc wp-block-group-is-layout-constrained\" style=\"margin-top:0;margin-bottom:0;padding-top:calc( 0.5 * var(--wp--style--root--padding-right, var(--wp--custom--gap--horizontal)));padding-right:var(--wp--style--root--padding-right, var(--wp--custom--gap--horizontal));padding-bottom:calc( 0.5 * var(--wp--style--root--padding-right, var(--wp--custom--gap--horizontal)));padding-left:var(--wp--style--root--padding-left, var(--wp--custom--gap--horizontal))\">\n<div style=\"height:var(--wp--preset--spacing--20)\" aria-hidden=\"true\" class=\"wp-block-spacer\"><\/div>\n\n\n\n<h3 class=\"wp-block-heading has-text-align-center has-accent-3-color has-text-color has-link-color has-small-font-size wp-elements-f758a740159ad3f32e635d349b568273\"><\/h3>\n\n\n\n<div class=\"wp-block-group has-global-padding is-layout-constrained wp-block-group-is-layout-constrained\">\n<p class=\"has-text-align-center\"><\/p>\n\n\n\n<div class=\"wp-block-columns is-layout-flex wp-container-core-columns-is-layout-28f84493 wp-block-columns-is-layout-flex\">\n<div class=\"wp-block-column is-layout-flow wp-block-column-is-layout-flow\">\n<p>Explora nuestra secci\u00f3n dedicada a las redes cient\u00edficas colombianas en todo el mundo, donde encontrar\u00e1s enlaces directos a diversas di\u00e1sporas cient\u00edficas. <\/p>\n\n\n\n<p>Este espacio te ofrece acceso r\u00e1pido a las p\u00e1ginas web de redes profesionales que conectan a los cient\u00edficos colombianos a nivel global. <\/p>\n\n\n\n<p>Mantente conectado con la comunidad cient\u00edfica internacional a trav\u00e9s de nuestra plataforma.<\/p>\n<\/div>\n<\/div>\n<\/div>\n\n\n\n<div style=\"height:var(--wp--preset--spacing--20)\" aria-hidden=\"true\" class=\"wp-block-spacer\"><\/div>\n<\/div>\n\n\n\n<div class=\"wp-block-group alignfull has-global-padding is-content-justification-center is-layout-constrained wp-container-core-group-is-layout-df757ecc wp-block-group-is-layout-constrained\" style=\"margin-top:0;margin-bottom:0;padding-top:calc( 0.5 * var(--wp--style--root--padding-right, var(--wp--custom--gap--horizontal)));padding-right:var(--wp--style--root--padding-right, var(--wp--custom--gap--horizontal));padding-bottom:calc( 0.5 * var(--wp--style--root--padding-right, var(--wp--custom--gap--horizontal)));padding-left:var(--wp--style--root--padding-left, var(--wp--custom--gap--horizontal))\">\n<div style=\"height:var(--wp--preset--spacing--20)\" aria-hidden=\"true\" class=\"wp-block-spacer\"><\/div>\n\n\n\n<div style=\"height:var(--wp--preset--spacing--20)\" aria-hidden=\"true\" class=\"wp-block-spacer\"><\/div>\n<\/div>\n\n\n\n<div class=\"wp-block-group alignfull has-global-padding is-content-justification-center is-layout-constrained wp-container-core-group-is-layout-df757ecc wp-block-group-is-layout-constrained\" style=\"margin-top:0;margin-bottom:0;padding-top:calc( 0.5 * var(--wp--style--root--padding-right, var(--wp--custom--gap--horizontal)));padding-right:var(--wp--style--root--padding-right, var(--wp--custom--gap--horizontal));padding-bottom:calc( 0.5 * var(--wp--style--root--padding-right, var(--wp--custom--gap--horizontal)));padding-left:var(--wp--style--root--padding-left, var(--wp--custom--gap--horizontal))\">\n<div style=\"height:var(--wp--preset--spacing--10)\" aria-hidden=\"true\" class=\"wp-block-spacer\"><\/div>\n\n\n\n<div class=\"wp-block-columns alignwide is-layout-flex wp-container-core-columns-is-layout-30cd009e wp-block-columns-is-layout-flex\">\n<div class=\"wp-block-column is-vertically-aligned-bottom is-layout-flow wp-block-column-is-layout-flow\">\n<figure class=\"wp-block-image size-large\"><img loading=\"lazy\" decoding=\"async\" width=\"1024\" height=\"805\" src=\"https:\/\/redcientificacol.org\/wp-content\/uploads\/2024\/07\/cropped-Logo-final-RED-1024x805.png\" alt=\"\" class=\"wp-image-1339\" srcset=\"https:\/\/redcientificacol.org\/wp-content\/uploads\/2024\/07\/cropped-Logo-final-RED-1024x805.png 1024w, https:\/\/redcientificacol.org\/wp-content\/uploads\/2024\/07\/cropped-Logo-final-RED-300x236.png 300w, https:\/\/redcientificacol.org\/wp-content\/uploads\/2024\/07\/cropped-Logo-final-RED-768x604.png 768w, https:\/\/redcientificacol.org\/wp-content\/uploads\/2024\/07\/cropped-Logo-final-RED-1536x1207.png 1536w, https:\/\/redcientificacol.org\/wp-content\/uploads\/2024\/07\/cropped-Logo-final-RED-2048x1610.png 2048w\" sizes=\"auto, (max-width: 1024px) 100vw, 1024px\" \/><\/figure>\n<\/div>\n\n\n\n<div class=\"wp-block-column is-vertically-aligned-center is-layout-flow wp-container-core-column-is-layout-22223934 wp-block-column-is-layout-flow\">\n<h2 class=\"wp-block-heading\" id=\"red-academica-y-cientifica-de-colombia-en-mexico\">Red Academica y Cientifica de Colombia en M\u00e9xico<\/h2>\n\n\n\n<p>La Red Acad\u00e9mica y Cient\u00edfica de Colombia en M\u00e9xico es un \u00f3rgano colegiado de car\u00e1cter acad\u00e9mico que promueve la diplomacia cient\u00edfica entre M\u00e9xico y Colombia, fortaleciendo la cooperaci\u00f3n en humanidades, ciencia, tecnolog\u00eda e innovaci\u00f3n.<\/p>\n\n\n\n<div class=\"wp-block-buttons is-layout-flex wp-block-buttons-is-layout-flex\">\n<div class=\"wp-block-button is-style-outline is-style-outline--2\"><a class=\"wp-block-button__link wp-element-button\" href=\"https:\/\/www.redacademicaycientifica.org\/\" target=\"_blank\" rel=\"noreferrer noopener\">Visitar la Red<\/a><\/div>\n<\/div>\n<\/div>\n<\/div>\n\n\n\n<div class=\"wp-block-columns alignwide is-layout-flex wp-container-core-columns-is-layout-30cd009e wp-block-columns-is-layout-flex\">\n<div class=\"wp-block-column is-vertically-aligned-bottom is-layout-flow wp-block-column-is-layout-flow\">\n<figure class=\"wp-block-image size-full\"><img loading=\"lazy\" decoding=\"async\" width=\"709\" height=\"851\" src=\"https:\/\/redcientificacol.org\/wp-content\/uploads\/2024\/07\/Logo-Sinfondo.png\" alt=\"\" class=\"wp-image-1472\" srcset=\"https:\/\/redcientificacol.org\/wp-content\/uploads\/2024\/07\/Logo-Sinfondo.png 709w, https:\/\/redcientificacol.org\/wp-content\/uploads\/2024\/07\/Logo-Sinfondo-250x300.png 250w\" sizes=\"auto, (max-width: 709px) 100vw, 709px\" \/><\/figure>\n<\/div>\n\n\n\n<div class=\"wp-block-column is-vertically-aligned-center is-layout-flow wp-container-core-column-is-layout-22223934 wp-block-column-is-layout-flow\">\n<h2 class=\"wp-block-heading\" id=\"owsd-national-chapter\">OWSD&nbsp;National Chapter<\/h2>\n\n\n\n<h2 class=\"wp-block-heading\" id=\"colombia\">COLOMBIA<\/h2>\n\n\n\n<p>The Colombia National Chapter of OWSD was established in May 2021 in Bogota. Among their activities are providing networking opportunities, support for proposal writing, and leadership training, to make the work of women scientists in Colombia more visible through media dissemination, and to collect and analyse data on the scientific productivity of women scientists in the country as well as constraints they face, to inform institutional policies on gender equality.<\/p>\n\n\n\n<div class=\"wp-block-buttons is-layout-flex wp-block-buttons-is-layout-flex\">\n<div class=\"wp-block-button is-style-outline is-style-outline--3\"><a class=\"wp-block-button__link wp-element-button\" href=\"https:\/\/owsd.net\/network\/colombia#:~:text=The%20Colombia%20National%20Chapter%20of,in%20May%202021%20in%20Bogota.\" target=\"_blank\" rel=\"noreferrer noopener\">Visitar la Red<\/a><\/div>\n<\/div>\n<\/div>\n<\/div>\n\n\n\n<div class=\"wp-block-columns alignwide is-layout-flex wp-container-core-columns-is-layout-30cd009e wp-block-columns-is-layout-flex\">\n<div class=\"wp-block-column is-vertically-aligned-bottom is-layout-flow wp-block-column-is-layout-flow\">\n<figure class=\"wp-block-image aligncenter size-full is-resized\"><img loading=\"lazy\" decoding=\"async\" width=\"300\" height=\"300\" src=\"https:\/\/redcientificacol.org\/wp-content\/uploads\/2024\/07\/Untitled-5.png\" alt=\"\" class=\"wp-image-1478\" style=\"width:306px;height:auto\" srcset=\"https:\/\/redcientificacol.org\/wp-content\/uploads\/2024\/07\/Untitled-5.png 300w, https:\/\/redcientificacol.org\/wp-content\/uploads\/2024\/07\/Untitled-5-150x150.png 150w\" sizes=\"auto, (max-width: 300px) 100vw, 300px\" \/><\/figure>\n<\/div>\n\n\n\n<div class=\"wp-block-column is-vertically-aligned-center is-layout-flow wp-container-core-column-is-layout-22223934 wp-block-column-is-layout-flow\">\n<h2 class=\"wp-block-heading\" id=\"asociacion-colombiana-de-investigadores-en-suiza-acis\">Asociaci\u00f3n Colombiana de Investigadores en Suiza (ACIS)<\/h2>\n\n\n\n<p>La Asociaci\u00f3n Colombiana de Investigadores en Suiza (ACIS) es una organizaci\u00f3n sin \u00e1nimo de lucro fundada en el a\u00f1o 1992, conformada por investigadores y profesionales, de cualquier nacionalidad, quienes est\u00e1n interesados en la cooperaci\u00f3n acad\u00e9mica colombo suiza en todas las \u00e1reas de la investigaci\u00f3n.<\/p>\n\n\n\n<div class=\"wp-block-buttons is-layout-flex wp-block-buttons-is-layout-flex\">\n<div class=\"wp-block-button is-style-outline is-style-outline--4\"><a class=\"wp-block-button__link wp-element-button\" href=\"https:\/\/www.acis.ch\/\" target=\"_blank\" rel=\"noreferrer noopener\">Visitar la Red<\/a><\/div>\n<\/div>\n<\/div>\n<\/div>\n\n\n\n<div style=\"height:var(--wp--preset--spacing--10)\" aria-hidden=\"true\" class=\"wp-block-spacer\"><\/div>\n<\/div>\n\n\n\n<figure class=\"wp-block-image alignfull size-full\"><img loading=\"lazy\" decoding=\"async\" width=\"2048\" height=\"202\" src=\"https:\/\/redcientificacol.org\/wp-content\/uploads\/2024\/07\/image-3.png\" alt=\"\" class=\"wp-image-1444\" srcset=\"https:\/\/redcientificacol.org\/wp-content\/uploads\/2024\/07\/image-3.png 2048w, https:\/\/redcientificacol.org\/wp-content\/uploads\/2024\/07\/image-3-300x30.png 300w, https:\/\/redcientificacol.org\/wp-content\/uploads\/2024\/07\/image-3-1024x101.png 1024w, https:\/\/redcientificacol.org\/wp-content\/uploads\/2024\/07\/image-3-768x76.png 768w, https:\/\/redcientificacol.org\/wp-content\/uploads\/2024\/07\/image-3-1536x152.png 1536w\" sizes=\"auto, (max-width: 2048px) 100vw, 2048px\" \/><\/figure>\n","protected":false},"excerpt":{"rendered":"<p>Explora nuestra secci\u00f3n dedicada a las redes cient\u00edficas colombianas en todo el mundo, donde encontrar\u00e1s enlaces directos a diversas di\u00e1sporas cient\u00edficas. Este espacio te ofrece acceso r\u00e1pido a las p\u00e1ginas web de redes profesionales que conectan a los cient\u00edficos colombianos a nivel global. Mantente conectado con la comunidad cient\u00edfica internacional a trav\u00e9s de nuestra plataforma. [&hellip;]<\/p>\n","protected":false},"author":4,"featured_media":0,"parent":0,"menu_order":0,"comment_status":"closed","ping_status":"closed","template":"","meta":{"_gspb_post_css":"","_monsterinsights_skip_tracking":false,"_monsterinsights_sitenote_active":false,"_monsterinsights_sitenote_note":"","_monsterinsights_sitenote_category":0,"_uf_show_specific_survey":0,"_uf_disable_surveys":false,"footnotes":""},"class_list":["post-1332","page","type-page","status-publish","hentry"],"aioseo_notices":[],"_links":{"self":[{"href":"https:\/\/redcientificacol.org\/index.php\/wp-json\/wp\/v2\/pages\/1332","targetHints":{"allow":["GET"]}}],"collection":[{"href":"https:\/\/redcientificacol.org\/index.php\/wp-json\/wp\/v2\/pages"}],"about":[{"href":"https:\/\/redcientificacol.org\/index.php\/wp-json\/wp\/v2\/types\/page"}],"author":[{"embeddable":true,"href":"https:\/\/redcientificacol.org\/index.php\/wp-json\/wp\/v2\/users\/4"}],"replies":[{"embeddable":true,"href":"https:\/\/redcientificacol.org\/index.php\/wp-json\/wp\/v2\/comments?post=1332"}],"version-history":[{"count":0,"href":"https:\/\/redcientificacol.org\/index.php\/wp-json\/wp\/v2\/pages\/1332\/revisions"}],"wp:attachment":[{"href":"https:\/\/redcientificacol.org\/index.php\/wp-json\/wp\/v2\/media?parent=1332"}],"curies":[{"name":"wp","href":"https:\/\/api.w.org\/{rel}","templated":true}]}}