{"id":1612,"date":"2024-09-25T10:00:50","date_gmt":"2024-09-25T14:00:50","guid":{"rendered":"https:\/\/redcientificacol.org\/?page_id=1612"},"modified":"2025-08-27T15:48:35","modified_gmt":"2025-08-27T15:48:35","slug":"cop16-colombia","status":"publish","type":"page","link":"https:\/\/redcientificacol.org\/index.php\/cop16-colombia\/","title":{"rendered":"Diplomacia Cient\u00edfica"},"content":{"rendered":"<style><\/style><style><\/style>\n\n\n<div style=\"height:var(--wp--preset--spacing--50)\" aria-hidden=\"true\" class=\"wp-block-spacer\"><\/div>\n\n\n\n<div class=\"wp-block-group alignfull has-global-padding is-layout-constrained wp-block-group-is-layout-constrained\" style=\"margin-top:0;margin-bottom:0\">\n<div class=\"wp-block-columns alignwide are-vertically-aligned-center is-layout-flex wp-container-core-columns-is-layout-28f84493 wp-block-columns-is-layout-flex\">\n<div class=\"wp-block-column is-vertically-aligned-center is-layout-flow wp-block-column-is-layout-flow\">\n<figure class=\"wp-block-image size-large\"><img loading=\"lazy\" decoding=\"async\" width=\"1024\" height=\"683\" src=\"https:\/\/redcientificacol.org\/wp-content\/uploads\/2025\/08\/david-restrepo-mOOEJAkACoQ-unsplash-1024x683.jpg\" alt=\"\" class=\"wp-image-2162\" srcset=\"https:\/\/redcientificacol.org\/wp-content\/uploads\/2025\/08\/david-restrepo-mOOEJAkACoQ-unsplash-1024x683.jpg 1024w, https:\/\/redcientificacol.org\/wp-content\/uploads\/2025\/08\/david-restrepo-mOOEJAkACoQ-unsplash-300x200.jpg 300w, https:\/\/redcientificacol.org\/wp-content\/uploads\/2025\/08\/david-restrepo-mOOEJAkACoQ-unsplash-768x512.jpg 768w, https:\/\/redcientificacol.org\/wp-content\/uploads\/2025\/08\/david-restrepo-mOOEJAkACoQ-unsplash-1536x1024.jpg 1536w, https:\/\/redcientificacol.org\/wp-content\/uploads\/2025\/08\/david-restrepo-mOOEJAkACoQ-unsplash-2048x1365.jpg 2048w\" sizes=\"auto, (max-width: 1024px) 100vw, 1024px\" \/><\/figure>\n<\/div>\n\n\n\n<div class=\"wp-block-column is-vertically-aligned-center is-layout-flow wp-block-column-is-layout-flow\">\n<h2 class=\"wp-block-heading\" id=\"la-biodiversidad-es-la-base-de-la-vida-en-la-tierra-sustenta-nuestra-economia-global-combate-el-cambio-climatico-y-mantiene-los-sistemas-alimentarios-que-nutren-al-mundo\" style=\"font-size:clamp(0.984rem, 0.984rem + ((1vw - 0.2rem) * 0.86), 1.5rem);\"><strong>Diplomacia Cient\u00edfica<\/strong><\/h2>\n\n\n\n<p>La di\u00e1spora cient\u00edfica colombiana ha jugado un papel esencial en la documentaci\u00f3n, monitoreo e investigaci\u00f3n de la biodiversidad en Colombia. Al contrario de ser una \u201cfuga de cerebros\u201d, hay numerosos ejemplos que muestran c\u00f3mo cient\u00edficos colombianos residentes en el exterior desarrollan diversas formas de colaboraci\u00f3n con cient\u00edficos y comunidades locales en Colombia particularmente en el campo de estudios ambientales y biodiversidad.<\/p>\n\n\n\n<p>A trav\u00e9s de iniciativas de diplomacia cient\u00edfica, buscamos promover el di\u00e1logo, la colaboraci\u00f3n y la construcci\u00f3n de soluciones compartidas que fortalezcan la innovaci\u00f3n, la sostenibilidad y el bienestar del pa\u00eds. Cada encuentro se convierte en una oportunidad para que las voces de la di\u00e1spora aporten ideas frescas, perspectivas diversas y experiencias globales a los desaf\u00edos locales.<\/p>\n\n\n\n<p><\/p>\n<\/div>\n<\/div>\n\n\n\n<div style=\"height:50px\" aria-hidden=\"true\" class=\"wp-block-spacer\"><\/div>\n\n\n\n<p><\/p>\n<\/div>\n\n\n\n<div class=\"wp-block-group alignfull has-global-padding is-layout-constrained wp-block-group-is-layout-constrained\">\n<div class=\"wp-block-group alignfull has-background has-global-padding is-layout-constrained wp-block-group-is-layout-constrained\" style=\"background:linear-gradient(194deg,rgb(255,255,255) 0%,rgb(255,255,255) 40%,rgb(202,236,206) 100%)\">\n<div class=\"wp-block-cover aligncenter is-light has-parallax\" style=\"min-height:332px;aspect-ratio:unset;\"><div class=\"wp-block-cover__image-background wp-image-2169 has-parallax\" style=\"background-position:50% 50%;background-image:url(https:\/\/redcientificacol.org\/wp-content\/uploads\/2025\/08\/Screenshot-2025-03-26-143004.png)\"><\/div><span aria-hidden=\"true\" class=\"wp-block-cover__background has-base-2-background-color has-background-dim-100 has-background-dim\"><\/span><div class=\"wp-block-cover__inner-container has-global-padding is-layout-constrained wp-block-cover-is-layout-constrained\">\n<p class=\"has-text-align-center has-large-font-size\"><\/p>\n\n\n\n<figure class=\"wp-block-image aligncenter size-full\"><img loading=\"lazy\" decoding=\"async\" width=\"889\" height=\"373\" src=\"https:\/\/redcientificacol.org\/wp-content\/uploads\/2025\/08\/Screenshot-2025-03-26-143004.png\" alt=\"\" class=\"wp-image-2169\" srcset=\"https:\/\/redcientificacol.org\/wp-content\/uploads\/2025\/08\/Screenshot-2025-03-26-143004.png 889w, https:\/\/redcientificacol.org\/wp-content\/uploads\/2025\/08\/Screenshot-2025-03-26-143004-300x126.png 300w, https:\/\/redcientificacol.org\/wp-content\/uploads\/2025\/08\/Screenshot-2025-03-26-143004-768x322.png 768w\" sizes=\"auto, (max-width: 889px) 100vw, 889px\" \/><\/figure>\n<\/div><\/div>\n\n\n<style>.gspb_container-id-gsbp-d8120d6{flex-direction:column;box-sizing:border-box;}#gspb_container-id-gsbp-d8120d6.gspb_container > p:last-of-type{margin-bottom:0}#gspb_container-id-gsbp-d8120d6.gspb_container{position:relative;}<\/style>\n<div class=\"wp-block-greenshift-blocks-container alignwide gspb_container gspb_container-gsbp-d8120d6\" id=\"gspb_container-id-gsbp-d8120d6\">\n<div class=\"wp-block-columns is-layout-flex wp-container-core-columns-is-layout-28f84493 wp-block-columns-is-layout-flex\">\n<div class=\"wp-block-column is-layout-flow wp-block-column-is-layout-flow\">\n<h2 class=\"wp-block-heading has-text-align-center\" id=\"hito-cumplido\"><strong>\u00a1Hito cumplido!<\/strong><\/h2>\n<\/div>\n<\/div>\n\n\n\n<div class=\"wp-block-columns are-vertically-aligned-center is-layout-flex wp-container-core-columns-is-layout-28f84493 wp-block-columns-is-layout-flex\">\n<div class=\"wp-block-column is-vertically-aligned-center is-layout-flow wp-block-column-is-layout-flow\" style=\"flex-basis:66.66%\">\n<figure class=\"wp-block-image size-full is-resized\"><img loading=\"lazy\" decoding=\"async\" width=\"800\" height=\"800\" src=\"https:\/\/redcientificacol.org\/wp-content\/uploads\/2025\/08\/Logo-International-Affairs.jpeg\" alt=\"\" class=\"wp-image-2175\" style=\"width:34px;height:auto\" srcset=\"https:\/\/redcientificacol.org\/wp-content\/uploads\/2025\/08\/Logo-International-Affairs.jpeg 800w, https:\/\/redcientificacol.org\/wp-content\/uploads\/2025\/08\/Logo-International-Affairs-300x300.jpeg 300w, https:\/\/redcientificacol.org\/wp-content\/uploads\/2025\/08\/Logo-International-Affairs-150x150.jpeg 150w, https:\/\/redcientificacol.org\/wp-content\/uploads\/2025\/08\/Logo-International-Affairs-768x768.jpeg 768w\" sizes=\"auto, (max-width: 800px) 100vw, 800px\" \/><\/figure>\n\n\n\n<p><a href=\"https:\/\/www.linkedin.com\/in\/direcci%C3%B3n-de-internacionalizaci%C3%B3n-universidad-de-los-andes-a69b36338?miniProfileUrn=urn%3Ali%3Afsd_profile%3AACoAAFTipXEBN-Oiy70fWFHU4cP5-Etc04e3gTw\"><strong>Direcci\u00f3n en Universidad de los Andes \u2013 Colombia<\/strong><\/a><\/p>\n\n\n\n<p>M\u00e1s de 80 cient\u00edficas y cient\u00edficos colombianos participaron en el taller virtual \u201c\ud835\uddd7\ud835\uddf6\ud835\uddfd\ud835\uddf9\ud835\uddfc\ud835\uddfa\ud835\uddee\ud835\uddf0\ud835\uddf6\ud835\uddee \ud835\uddd6\ud835\uddf6\ud835\uddf2\ud835\uddfb\ud835\ude01\u00ed\ud835\uddf3\ud835\uddf6\ud835\uddf0\ud835\uddee \ud835\uddf2\ud835\uddfb \ud835\uddd4\ud835\uddf0\ud835\uddf0\ud835\uddf6\u00f3\ud835\uddfb: \ud835\uddd8\ud835\uddfb \ud835\uddff\ud835\ude02\ud835\ude01\ud835\uddee \ud835\uddee \ud835\uddf9\ud835\uddee \ud835\uddd6\ud835\udde2\ud835\udde3\ud835\udfef\ud835\udfec\u201d, liderado por el <a href=\"https:\/\/www.linkedin.com\/company\/ministerio-de-ambiente-y-desarrollo-sostenible\/\">Ministerio de Ambiente y Desarrollo Sostenible<\/a>, la <a href=\"https:\/\/www.linkedin.com\/in\/direcci%C3%B3n-de-internacionalizaci%C3%B3n-universidad-de-los-andes-a69b36338\/\">Direcci\u00f3n de Internacionalizaci\u00f3n \u2013 Universidad de los Andes<\/a>, la Mesa Intersectorial de Diplomacia Cient\u00edfica (MIDICI) y la Red de Di\u00e1spora Cient\u00edfica Colombiana.<\/p>\n\n\n\n<p>Este espacio se suma a la narrativa pa\u00eds frente al cambio clim\u00e1tico, generando evidencia cient\u00edfica que fortalece la posici\u00f3n de Colombia en los escenarios multilaterales rumbo a la <a href=\"https:\/\/www.linkedin.com\/search\/results\/all\/?keywords=%23cop30&origin=HASH_TAG_FROM_FEED\">hashtag#COP30<\/a>.<\/p>\n<\/div>\n\n\n\n<div class=\"wp-block-column is-vertically-aligned-center is-layout-flow wp-block-column-is-layout-flow\" style=\"flex-basis:33.33%\">\n<figure class=\"wp-block-image size-large\"><img loading=\"lazy\" decoding=\"async\" width=\"1024\" height=\"550\" src=\"https:\/\/redcientificacol.org\/wp-content\/uploads\/2025\/08\/Red--1024x550.jpeg\" alt=\"\" class=\"wp-image-2173\" srcset=\"https:\/\/redcientificacol.org\/wp-content\/uploads\/2025\/08\/Red--1024x550.jpeg 1024w, https:\/\/redcientificacol.org\/wp-content\/uploads\/2025\/08\/Red--300x161.jpeg 300w, https:\/\/redcientificacol.org\/wp-content\/uploads\/2025\/08\/Red--768x413.jpeg 768w, https:\/\/redcientificacol.org\/wp-content\/uploads\/2025\/08\/Red-.jpeg 1280w\" sizes=\"auto, (max-width: 1024px) 100vw, 1024px\" \/><\/figure>\n<\/div>\n<\/div>\n<\/div>\n\n\n\n<div class=\"wp-block-columns alignwide is-layout-flex wp-container-core-columns-is-layout-108fa1d6 wp-block-columns-is-layout-flex\" style=\"padding-top:var(--wp--preset--spacing--10);padding-right:var(--wp--preset--spacing--10);padding-bottom:var(--wp--preset--spacing--10);padding-left:var(--wp--preset--spacing--10)\">\n<div class=\"wp-block-column is-layout-flow wp-block-column-is-layout-flow\" style=\"flex-basis:33.33%\">\n<figure class=\"wp-block-image aligncenter size-large\"><img loading=\"lazy\" decoding=\"async\" width=\"1024\" height=\"833\" src=\"https:\/\/redcientificacol.org\/wp-content\/uploads\/2025\/08\/Red-1024x833.jpeg\" alt=\"\" class=\"wp-image-2174\" srcset=\"https:\/\/redcientificacol.org\/wp-content\/uploads\/2025\/08\/Red-1024x833.jpeg 1024w, https:\/\/redcientificacol.org\/wp-content\/uploads\/2025\/08\/Red-300x244.jpeg 300w, https:\/\/redcientificacol.org\/wp-content\/uploads\/2025\/08\/Red-768x625.jpeg 768w, https:\/\/redcientificacol.org\/wp-content\/uploads\/2025\/08\/Red-1536x1250.jpeg 1536w, https:\/\/redcientificacol.org\/wp-content\/uploads\/2025\/08\/Red.jpeg 1600w\" sizes=\"auto, (max-width: 1024px) 100vw, 1024px\" \/><\/figure>\n<\/div>\n\n\n\n<div class=\"wp-block-column is-layout-flow wp-block-column-is-layout-flow\" style=\"flex-basis:66.66%\">\n<p>Como pa\u00eds que ejerce la Presidencia de la <a href=\"https:\/\/www.linkedin.com\/search\/results\/all\/?keywords=%23cop16&origin=HASH_TAG_FROM_FEED\">hashtag#COP16<\/a> de Biodiversidad, Colombia tiene un rol fundamental en promover la integraci\u00f3n de las agendas de cambio clim\u00e1tico, biodiversidad y desertificaci\u00f3n. Este taller aport\u00f3 insumos que alimentar\u00e1n las discusiones de la COP30 en Bel\u00e9m, avanzando hacia soluciones m\u00e1s coherentes, efectivas y justas, basadas en un enfoque inclusivo que reconoce tanto los desaf\u00edos de los pa\u00edses en v\u00eda de desarrollo como el papel fundamental de comunidades ind\u00edgenas y locales.<\/p>\n\n\n\n<p>esde la evidencia cient\u00edfica, se avanz\u00f3 en la construcci\u00f3n de un documento t\u00e9cnico con propuestas para integrar estas agendas. Las contribuciones recogidas ser\u00e1n insumos para la acci\u00f3n multilateral del Gobierno de Colombia y servir\u00e1n de base a tomadores de decisi\u00f3n en ministerios, agencias t\u00e9cnicas y delegaciones internacionales, consolidando el liderazgo del pa\u00eds en las sinergias entre las Convenciones de R\u00edo.<\/p>\n\n\n\n<p><strong>El taller abord\u00f3 cuatro \u00e1reas estrat\u00e9gicas:<\/strong><br><br>1\ufe0f\u20e3 Mecanismos financieros innovadores para la acci\u00f3n sin\u00e9rgica.<br>2\ufe0f\u20e3 Marcos armonizados de planificaci\u00f3n, seguimiento y reporte.<br>3\ufe0f\u20e3 Fortalecimiento de la interfaz ciencia\u2013pol\u00edtica, incluyendo saberes tradicionales.<br>4\ufe0f\u20e3 Ecosistemas estrat\u00e9gicos como ejes de convergencia entre biodiversidad, clima y suelo.<br><br>Gracias a quienes hicieron parte de este taller, logramos avanzar en propuestas concretas que refuerzan la articulaci\u00f3n de la ciencia con la pol\u00edtica y fortalecen el rol de Colombia en la construcci\u00f3n de sinergias globales. Desde la <a href=\"https:\/\/www.linkedin.com\/company\/universidad-de-los-andes\/\">Universidad de Los Andes<\/a> reafirmamos nuestro compromiso con la diplomacia cient\u00edfica como herramienta para articular esfuerzos y proyectar la voz del pa\u00eds en los escenarios multilaterales.<br><br><a href=\"https:\/\/www.linkedin.com\/search\/results\/all\/?keywords=%23cop30&origin=HASH_TAG_FROM_FEED\">#COP30<\/a> <a href=\"https:\/\/www.linkedin.com\/search\/results\/all\/?keywords=%23cop30sat%C3%A9litecolombia&origin=HASH_TAG_FROM_FEED\">#COP30Sat\u00e9liteColombia<\/a> <a href=\"https:\/\/www.linkedin.com\/search\/results\/all\/?keywords=%23diplomaciacient%C3%ADfica&origin=HASH_TAG_FROM_FEED\">#DiplomaciaCient\u00edfica<\/a><\/p>\n<\/div>\n<\/div>\n<\/div>\n\n\n\n<div style=\"height:102px\" aria-hidden=\"true\" class=\"wp-block-spacer\"><\/div>\n\n\n\n<div class=\"wp-block-group alignfull has-background has-global-padding is-layout-constrained wp-block-group-is-layout-constrained\" style=\"background:linear-gradient(194deg,rgb(255,255,255) 0%,rgb(255,255,255) 40%,rgb(202,236,206) 100%)\"><style>.gspb_container-id-gsbp-45f1d8c{flex-direction:column;box-sizing:border-box;}#gspb_container-id-gsbp-45f1d8c.gspb_container > p:last-of-type{margin-bottom:0}#gspb_container-id-gsbp-45f1d8c.gspb_container{position:relative;}<\/style>\n<div class=\"wp-block-greenshift-blocks-container alignwide gspb_container gspb_container-gsbp-45f1d8c\" id=\"gspb_container-id-gsbp-45f1d8c\">\n<div class=\"wp-block-columns is-layout-flex wp-container-core-columns-is-layout-28f84493 wp-block-columns-is-layout-flex\">\n<div class=\"wp-block-column is-layout-flow wp-block-column-is-layout-flow\"><style>#gspb_row-id-gsbp-6e4256d{justify-content:space-between;margin-top:0px;margin-bottom:0px;display:flex;flex-wrap:wrap;}#gspb_row-id-gsbp-6e4256d > .gspb_row__content{display:flex;justify-content:space-between;margin:0 auto;width:100%;flex-wrap:wrap;}.gspb_row{position:relative;}div[id^=gspb_col-id]{box-sizing:border-box;position:relative;}div[id^=gspb_col-id]{padding:var(--gs-row-column-padding,15px min(3vw,20px));}#gspb_row-id-gsbp-6e4256d > .gspb_row__content{max-width:1200px;}<\/style>\n<section class=\"wp-block-greenshift-blocks-row alignfull gspb_row gspb_row-id-gsbp-6e4256d\" id=\"gspb_row-id-gsbp-6e4256d\"><div class=\"gspb_row__content\"> <style>#gspb_col-id-gsbp-787f21e.gspb_row__col--12{width:100%;}@media (max-width:575.98px){#gspb_col-id-gsbp-787f21e.gspb_row__col--12{width:100%;}}<\/style>\n<div class=\"wp-block-greenshift-blocks-row-column gspb_row__col--12 gspb_col-id-gsbp-787f21e\" id=\"gspb_col-id-gsbp-787f21e\">\n<div class=\"wp-block-columns are-vertically-aligned-center is-layout-flex wp-container-core-columns-is-layout-28f84493 wp-block-columns-is-layout-flex\">\n<div class=\"wp-block-column is-vertically-aligned-center is-layout-flow wp-block-column-is-layout-flow\">\n<figure class=\"wp-block-image aligncenter size-full\"><img loading=\"lazy\" decoding=\"async\" width=\"440\" height=\"585\" src=\"https:\/\/redcientificacol.org\/wp-content\/uploads\/2025\/08\/Nature-Reviews.png\" alt=\"\" class=\"wp-image-2176\" srcset=\"https:\/\/redcientificacol.org\/wp-content\/uploads\/2025\/08\/Nature-Reviews.png 440w, https:\/\/redcientificacol.org\/wp-content\/uploads\/2025\/08\/Nature-Reviews-226x300.png 226w\" sizes=\"auto, (max-width: 440px) 100vw, 440px\" \/><\/figure>\n<\/div>\n\n\n\n<div class=\"wp-block-column is-vertically-aligned-center is-layout-flow wp-block-column-is-layout-flow\">\n<h2 class=\"wp-block-heading\" id=\"cientificos-en-diaspora-un-puente-estrategico-para-la-conservacion-de-la-biodiversidad\">\u201c<strong>Cient\u00edficos en di\u00e1spora: un puente estrat\u00e9gico para la conservaci\u00f3n de la biodiversidad<\/strong>\u201c<\/h2>\n\n\n\n<p><strong>State College, PA \u2014 13 de mayo de 2025.<\/strong><br>Un nuevo comentario publicado en\u00a0<em>Nature Reviews Biodiversity<\/em>\u00a0destaca el papel transformador de las\u00a0<strong>di\u00e1sporas cient\u00edficas<\/strong>\u00a0en la protecci\u00f3n del planeta. El art\u00edculo, coautor\u00eda de\u00a0<strong>Julian Prieto, Natalia Ocampo-Pe\u00f1uela, Felipe Zapata<\/strong>y\u00a0<strong>M\u00f3nica Medina<\/strong>, argumenta que los\u00a0<strong>cient\u00edficos altamente capacitados que residen fuera de sus pa\u00edses de origen<\/strong>tienen el potencial de\u00a0<strong>fortalecer capacidades cient\u00edficas, generar alianzas internacionales y acelerar avances en la conservaci\u00f3n de la biodiversidad<\/strong>.<\/p>\n\n\n\n<p>Los autores subrayan que, a trav\u00e9s de sus conocimientos especializados y redes globales, la di\u00e1spora cient\u00edfica puede contribuir de manera decisiva a los compromisos internacionales en materia de biodiversidad, especialmente en regiones con recursos limitados.<\/p>\n\n\n\n<p>El comentario invita a reconocer a estos profesionales como\u00a0<strong>agentes de cambio clave<\/strong>\u00a0y a impulsar iniciativas que favorezcan su articulaci\u00f3n con comunidades e instituciones de sus pa\u00edses de origen.<\/p>\n\n\n\n<p> Lee el art\u00edculo completo aqu\u00ed:\u00a0<a href=\"https:\/\/www.nature.com\/articles\/s44358-025-00055-8\"><strong>Nature Reviews Biodiversity<\/strong><\/a><\/p>\n<\/div>\n<\/div>\n<\/div>\n <\/div><\/section>\n<\/div>\n<\/div>\n<\/div>\n<\/div>\n\n\n\n<p><\/p>\n<\/div>\n\n\n\n<div style=\"height:66px\" aria-hidden=\"true\" class=\"wp-block-spacer\"><\/div>\n\n\n\n<div class=\"wp-block-cover alignfull is-light\"><img loading=\"lazy\" decoding=\"async\" width=\"1024\" height=\"323\" class=\"wp-block-cover__image-background wp-image-2167 size-large\" alt=\"\" src=\"https:\/\/redcientificacol.org\/wp-content\/uploads\/2025\/08\/Bannercop16-1-1024x323.jpg\" data-object-fit=\"cover\" srcset=\"https:\/\/redcientificacol.org\/wp-content\/uploads\/2025\/08\/Bannercop16-1-1024x323.jpg 1024w, https:\/\/redcientificacol.org\/wp-content\/uploads\/2025\/08\/Bannercop16-1-300x95.jpg 300w, https:\/\/redcientificacol.org\/wp-content\/uploads\/2025\/08\/Bannercop16-1-768x243.jpg 768w, https:\/\/redcientificacol.org\/wp-content\/uploads\/2025\/08\/Bannercop16-1-1536x485.jpg 1536w, https:\/\/redcientificacol.org\/wp-content\/uploads\/2025\/08\/Bannercop16-1.jpg 1900w\" sizes=\"auto, (max-width: 1024px) 100vw, 1024px\" \/><span aria-hidden=\"true\" class=\"wp-block-cover__background has-accent-5-background-color has-background-dim-100 has-background-dim\"><\/span><div class=\"wp-block-cover__inner-container is-layout-flow wp-block-cover-is-layout-flow\">\n<p><\/p>\n\n\n\n<figure class=\"wp-block-image aligncenter size-large is-resized\"><img loading=\"lazy\" decoding=\"async\" width=\"1024\" height=\"323\" src=\"https:\/\/redcientificacol.org\/wp-content\/uploads\/2025\/08\/Bannercop16-1-1024x323.jpg\" alt=\"\" class=\"wp-image-2167\" style=\"width:1414px;height:auto\" srcset=\"https:\/\/redcientificacol.org\/wp-content\/uploads\/2025\/08\/Bannercop16-1-1024x323.jpg 1024w, https:\/\/redcientificacol.org\/wp-content\/uploads\/2025\/08\/Bannercop16-1-300x95.jpg 300w, https:\/\/redcientificacol.org\/wp-content\/uploads\/2025\/08\/Bannercop16-1-768x243.jpg 768w, https:\/\/redcientificacol.org\/wp-content\/uploads\/2025\/08\/Bannercop16-1-1536x485.jpg 1536w, https:\/\/redcientificacol.org\/wp-content\/uploads\/2025\/08\/Bannercop16-1.jpg 1900w\" sizes=\"auto, (max-width: 1024px) 100vw, 1024px\" \/><\/figure>\n<\/div><\/div>\n\n\n\n<div class=\"wp-block-group alignfull has-gradient-5-gradient-background has-background has-global-padding is-content-justification-center is-layout-constrained wp-block-group-is-layout-constrained\" style=\"margin-top:0;margin-bottom:0\">\n<div class=\"wp-block-columns alignwide is-layout-flex wp-container-core-columns-is-layout-28f84493 wp-block-columns-is-layout-flex\">\n<div class=\"wp-block-column is-vertically-aligned-stretch is-layout-flow wp-block-column-is-layout-flow\">\n<h2 class=\"wp-block-heading\" id=\"la-biodiversidad-es-la-base-de-la-vida-en-la-tierra-sustenta-nuestra-economia-global-combate-el-cambio-climatico-y-mantiene-los-sistemas-alimentarios-que-nutren-al-mundo\" style=\"font-size:clamp(0.984rem, 0.984rem + ((1vw - 0.2rem) * 0.86), 1.5rem);\"><strong>Participaci\u00f3n en la COP16<\/strong><\/h2>\n\n\n\n<p>En el marco de la\u00a0<strong>COP16<\/strong>, la di\u00e1spora tuvo un papel activo al instalar paneles multidisciplinarios que visibilizaron su compromiso con los retos ambientales y sociales de Colombia. Este espacio cont\u00f3 con la participaci\u00f3n de destacados cient\u00edficos, como la\u00a0<strong>Dra. M\u00f3nica Medina<\/strong>, junto a bi\u00f3logos y expertos de diversas \u00e1reas, quienes compartieron su visi\u00f3n sobre el cambio clim\u00e1tico y la biodiversidad. El evento subray\u00f3 c\u00f3mo el trabajo de la di\u00e1spora contribuye al cumplimiento de las\u00a0<strong>23 metas globales de biodiversidad<\/strong>, reafirmando que la ciencia colombiana en el exterior no solo observa, sino que act\u00faa y se compromete con el futuro sostenible de la naci\u00f3n.<\/p>\n\n\n<style>#gspb_row-id-gsbp-6806fe5{justify-content:space-between;margin-top:0px;margin-bottom:0px;display:flex;flex-wrap:wrap;}#gspb_row-id-gsbp-6806fe5 > .gspb_row__content{display:flex;justify-content:space-between;margin:0 auto;width:100%;flex-wrap:wrap;}.gspb_row{position:relative;}div[id^=gspb_col-id]{box-sizing:border-box;position:relative;}div[id^=gspb_col-id]{padding:var(--gs-row-column-padding,15px min(3vw,20px));}#gspb_row-id-gsbp-6806fe5 > .gspb_row__content{max-width:1200px;}<\/style>\n<div class=\"wp-block-greenshift-blocks-row gspb_row gspb_row-id-gsbp-6806fe5\" id=\"gspb_row-id-gsbp-6806fe5\"><div class=\"gspb_row__content\"> <style>#gspb_col-id-gsbp-dce1d6f.gspb_row__col--6{width:50%;}@media (max-width:575.98px){#gspb_col-id-gsbp-dce1d6f.gspb_row__col--6{width:100%;}}<\/style>\n<div class=\"wp-block-greenshift-blocks-row-column gspb_row__col--6 gspb_col-id-gsbp-dce1d6f\" id=\"gspb_col-id-gsbp-dce1d6f\">\n<figure class=\"wp-block-image size-large\"><img loading=\"lazy\" decoding=\"async\" width=\"1024\" height=\"1024\" src=\"https:\/\/redcientificacol.org\/wp-content\/uploads\/2025\/08\/Panel-Cop-1024x1024.webp\" alt=\"\" class=\"wp-image-2163\" srcset=\"https:\/\/redcientificacol.org\/wp-content\/uploads\/2025\/08\/Panel-Cop-1024x1024.webp 1024w, https:\/\/redcientificacol.org\/wp-content\/uploads\/2025\/08\/Panel-Cop-300x300.webp 300w, https:\/\/redcientificacol.org\/wp-content\/uploads\/2025\/08\/Panel-Cop-150x150.webp 150w, https:\/\/redcientificacol.org\/wp-content\/uploads\/2025\/08\/Panel-Cop-768x768.webp 768w, https:\/\/redcientificacol.org\/wp-content\/uploads\/2025\/08\/Panel-Cop-1536x1536.webp 1536w, https:\/\/redcientificacol.org\/wp-content\/uploads\/2025\/08\/Panel-Cop.webp 1600w\" sizes=\"auto, (max-width: 1024px) 100vw, 1024px\" \/><\/figure>\n<\/div>\n\n\n<style>#gspb_col-id-gsbp-593569c.gspb_row__col--6{width:50%;}@media (max-width:575.98px){#gspb_col-id-gsbp-593569c.gspb_row__col--6{width:100%;}}<\/style>\n<div class=\"wp-block-greenshift-blocks-row-column gspb_row__col--6 gspb_col-id-gsbp-593569c\" id=\"gspb_col-id-gsbp-593569c\"><\/div>\n <\/div><\/div>\n<\/div>\n\n\n\n<div class=\"wp-block-column is-vertically-aligned-center is-layout-flow wp-block-column-is-layout-flow\">\n<figure class=\"wp-block-image size-full\"><img loading=\"lazy\" decoding=\"async\" width=\"2560\" height=\"1920\" src=\"https:\/\/redcientificacol.org\/wp-content\/uploads\/2025\/08\/Cop-16-Cali-3-1-scaled.png\" alt=\"\" class=\"wp-image-2165\" srcset=\"https:\/\/redcientificacol.org\/wp-content\/uploads\/2025\/08\/Cop-16-Cali-3-1-scaled.png 2560w, https:\/\/redcientificacol.org\/wp-content\/uploads\/2025\/08\/Cop-16-Cali-3-1-300x225.png 300w, https:\/\/redcientificacol.org\/wp-content\/uploads\/2025\/08\/Cop-16-Cali-3-1-1024x768.png 1024w, https:\/\/redcientificacol.org\/wp-content\/uploads\/2025\/08\/Cop-16-Cali-3-1-768x576.png 768w, https:\/\/redcientificacol.org\/wp-content\/uploads\/2025\/08\/Cop-16-Cali-3-1-1536x1152.png 1536w, https:\/\/redcientificacol.org\/wp-content\/uploads\/2025\/08\/Cop-16-Cali-3-1-2048x1536.png 2048w\" sizes=\"auto, (max-width: 2560px) 100vw, 2560px\" \/><\/figure>\n<\/div>\n<\/div>\n\n\n\n<div style=\"height:var(--wp--preset--spacing--50)\" aria-hidden=\"true\" class=\"wp-block-spacer\"><\/div>\n<\/div>\n\n\n\n<div class=\"wp-block-group alignfull has-global-padding is-content-justification-center is-layout-constrained wp-container-core-group-is-layout-df757ecc wp-block-group-is-layout-constrained\" style=\"margin-top:0;margin-bottom:0;padding-top:calc( 0.5 * var(--wp--style--root--padding-right, var(--wp--custom--gap--horizontal)));padding-right:var(--wp--style--root--padding-right, var(--wp--custom--gap--horizontal));padding-bottom:calc( 0.5 * var(--wp--style--root--padding-right, var(--wp--custom--gap--horizontal)));padding-left:var(--wp--style--root--padding-left, var(--wp--custom--gap--horizontal))\">\n<div style=\"height:calc( 0.25 * var(--wp--style--root--padding-right, var(--wp--custom--gap--horizontal)))\" aria-hidden=\"true\" class=\"wp-block-spacer\"><\/div>\n\n\n\n<div class=\"wp-block-group alignwide has-global-padding is-layout-constrained wp-block-group-is-layout-constrained\">\n<hr class=\"wp-block-separator alignwide has-text-color has-theme-4-color has-alpha-channel-opacity has-theme-4-background-color has-background is-style-wide\" style=\"margin-top:24px;margin-bottom:24px\"\/>\n\n\n\n<h2 class=\"wp-block-heading alignwide has-text-align-center\" id=\"unete-a-nuestros-eventos\">\u00danete a nuestros eventos<\/h2>\n\n\n\n<p class=\"has-text-align-center\"><\/p>\n\n\n\n<div class=\"wp-block-group alignwide has-base-2-background-color has-background has-global-padding is-layout-constrained wp-container-core-group-is-layout-39412042 wp-block-group-is-layout-constrained\" style=\"border-radius:16px;padding-top:var(--wp--preset--spacing--40);padding-right:var(--wp--preset--spacing--50);padding-bottom:var(--wp--preset--spacing--40);padding-left:var(--wp--preset--spacing--50)\">\n<p class=\"has-text-align-center\">\u00bfInteresado en hablar en un evento futuro? \u00a1Nos encantar\u00eda saber de ti!<\/p>\n\n\n\n<p class=\"has-text-align-center\"><a href=\"https:\/\/wpcnx.com\/apply-to-speak\/\"><\/a><\/p>\n\n\n\n<div class=\"wp-block-buttons is-content-justification-center is-layout-flex wp-container-core-buttons-is-layout-a89b3969 wp-block-buttons-is-layout-flex\">\n<div class=\"wp-block-button has-custom-width wp-block-button__width-75\"><a class=\"wp-block-button__link has-background has-custom-font-size wp-element-button\" href=\"https:\/\/redcientificacol.org\/contacto\/\" style=\"border-radius:20px;background-color:#f79943;font-size:13px\">Ponte en contacto con nosotros<\/a><\/div>\n<\/div>\n\n\n\n<div style=\"height:var(--wp--preset--spacing--10)\" aria-hidden=\"true\" class=\"wp-block-spacer\"><\/div>\n<\/div>\n\n\n\n<p class=\"has-text-align-center\"><\/p>\n<\/div>\n\n\n\n<div class=\"wp-block-group alignfull has-global-padding is-layout-constrained wp-block-group-is-layout-constrained\">\n<hr class=\"wp-block-separator alignwide has-text-color has-theme-4-color has-alpha-channel-opacity has-theme-4-background-color has-background is-style-wide\" style=\"margin-top:24px;margin-bottom:24px\"\/>\n\n\n\n<div style=\"height:8px\" aria-hidden=\"true\" class=\"wp-block-spacer\"><\/div>\n<\/div>\n<\/div>\n\n\n\n<div class=\"wp-block-group alignfull has-global-padding is-content-justification-center is-layout-constrained wp-container-core-group-is-layout-19edb02e wp-block-group-is-layout-constrained\" style=\"margin-top:0;margin-bottom:0;padding-top:calc( 0.5 * var(--wp--style--root--padding-right, var(--wp--custom--gap--horizontal)));padding-right:var(--wp--style--root--padding-right, var(--wp--custom--gap--horizontal));padding-bottom:calc( 0.5 * var(--wp--style--root--padding-right, var(--wp--custom--gap--horizontal)));padding-left:var(--wp--style--root--padding-left, var(--wp--custom--gap--horizontal))\">\n<div style=\"height:52px\" aria-hidden=\"true\" class=\"wp-block-spacer\"><\/div>\n\n\n\n<div class=\"wp-block-group alignfull has-global-padding is-layout-constrained wp-block-group-is-layout-constrained\">\n<div style=\"height:calc( 0.25 * var(--wp--style--root--padding-right, var(--wp--custom--gap--horizontal)))\" aria-hidden=\"true\" class=\"wp-block-spacer\"><\/div>\n\n\n\n<div class=\"wp-block-group alignwide has-global-padding is-layout-constrained wp-block-group-is-layout-constrained\">\n<div class=\"wp-block-columns alignwide is-layout-flex wp-container-core-columns-is-layout-28f84493 wp-block-columns-is-layout-flex\">\n<div class=\"wp-block-column is-vertically-aligned-center is-layout-flow wp-block-column-is-layout-flow\" style=\"padding-top:var(--wp--preset--spacing--10);padding-right:var(--wp--preset--spacing--10);padding-bottom:var(--wp--preset--spacing--10);padding-left:var(--wp--preset--spacing--10)\"><\/div>\n<\/div>\n<\/div>\n<\/div>\n\n\n\n<div style=\"height:calc( 0.25 * var(--wp--style--root--padding-right, var(--wp--custom--gap--horizontal)))\" aria-hidden=\"true\" class=\"wp-block-spacer\"><\/div>\n\n\n\n<div style=\"height:52px\" aria-hidden=\"true\" class=\"wp-block-spacer\"><\/div>\n<\/div>\n\n\n\n<p><\/p>\n","protected":false},"excerpt":{"rendered":"<p>Diplomacia Cient\u00edfica La di\u00e1spora cient\u00edfica colombiana ha jugado un papel esencial en la documentaci\u00f3n, monitoreo e investigaci\u00f3n de la biodiversidad en Colombia. Al contrario de ser una \u201cfuga de cerebros\u201d, hay numerosos ejemplos que muestran c\u00f3mo cient\u00edficos colombianos residentes en el exterior desarrollan diversas formas de colaboraci\u00f3n con cient\u00edficos y comunidades locales en Colombia particularmente [&hellip;]<\/p>\n","protected":false},"author":4,"featured_media":0,"parent":0,"menu_order":0,"comment_status":"closed","ping_status":"closed","template":"","meta":{"_gspb_post_css":"","_monsterinsights_skip_tracking":false,"_monsterinsights_sitenote_active":false,"_monsterinsights_sitenote_note":"","_monsterinsights_sitenote_category":0,"_uf_show_specific_survey":0,"_uf_disable_surveys":false,"footnotes":""},"class_list":["post-1612","page","type-page","status-publish","hentry"],"aioseo_notices":[],"_links":{"self":[{"href":"https:\/\/redcientificacol.org\/index.php\/wp-json\/wp\/v2\/pages\/1612","targetHints":{"allow":["GET"]}}],"collection":[{"href":"https:\/\/redcientificacol.org\/index.php\/wp-json\/wp\/v2\/pages"}],"about":[{"href":"https:\/\/redcientificacol.org\/index.php\/wp-json\/wp\/v2\/types\/page"}],"author":[{"embeddable":true,"href":"https:\/\/redcientificacol.org\/index.php\/wp-json\/wp\/v2\/users\/4"}],"replies":[{"embeddable":true,"href":"https:\/\/redcientificacol.org\/index.php\/wp-json\/wp\/v2\/comments?post=1612"}],"version-history":[{"count":0,"href":"https:\/\/redcientificacol.org\/index.php\/wp-json\/wp\/v2\/pages\/1612\/revisions"}],"wp:attachment":[{"href":"https:\/\/redcientificacol.org\/index.php\/wp-json\/wp\/v2\/media?parent=1612"}],"curies":[{"name":"wp","href":"https:\/\/api.w.org\/{rel}","templated":true}]}}