{"id":1877,"date":"2023-08-31T13:12:18","date_gmt":"2023-08-31T17:12:18","guid":{"rendered":"https:\/\/redcientificacol.org\/?page_id=416"},"modified":"2025-06-25T14:03:56","modified_gmt":"2025-06-25T14:03:56","slug":"equipo-de-trabajo","status":"publish","type":"page","link":"https:\/\/redcientificacol.org\/index.php\/equipo-de-trabajo\/","title":{"rendered":"Equipo de trabajo"},"content":{"rendered":"\n<div class=\"wp-block-group alignfull has-background-color has-white-color has-black-background-color has-text-color has-background has-link-color wp-elements-a66769df7111e3caa55ba3d950adb56d has-global-padding is-layout-constrained wp-container-core-group-is-layout-23b1a4dc wp-block-group-is-layout-constrained\" style=\"padding-top:var(--wp--preset--spacing--30);padding-right:var(--wp--preset--spacing--30);padding-bottom:var(--wp--preset--spacing--30);padding-left:var(--wp--preset--spacing--30)\">\n<div class=\"wp-block-group alignwide is-content-justification-space-between is-layout-flex wp-container-core-group-is-layout-b585a4aa wp-block-group-is-layout-flex\">\n<div class=\"wp-block-group is-layout-flex wp-block-group-is-layout-flex\"><div class=\"is-default-size wp-block-site-logo\"><a href=\"https:\/\/redcientificacol.org\/\" class=\"custom-logo-link\" rel=\"home\"><img loading=\"lazy\" decoding=\"async\" width=\"461\" height=\"255\" src=\"https:\/\/redcientificacol.org\/wp-content\/uploads\/2023\/09\/cropped-cropped-Logo-red-web-official@4x-1.png\" class=\"custom-logo\" alt=\"Red Cientifica Colombia\" srcset=\"https:\/\/redcientificacol.org\/wp-content\/uploads\/2023\/09\/cropped-cropped-Logo-red-web-official@4x-1.png 461w, https:\/\/redcientificacol.org\/wp-content\/uploads\/2023\/09\/cropped-cropped-Logo-red-web-official@4x-1-300x166.png 300w\" sizes=\"auto, (max-width: 461px) 100vw, 461px\" \/><\/a><\/div>\n\n<h1 class=\"has-link-color wp-elements-f1e98d6c897e424c7d4e8232ded39f0a wp-block-site-title\"><a href=\"https:\/\/redcientificacol.org\" target=\"_self\" rel=\"home\">Red Cientifica Colombia<\/a><\/h1><\/div>\n\n\n\n<div class=\"wp-block-group is-layout-flex wp-block-group-is-layout-flex\"><nav class=\"is-responsive items-justified-right wp-block-navigation is-content-justification-right is-layout-flex wp-container-core-navigation-is-layout-f665d2b5 wp-block-navigation-is-layout-flex\" aria-label=\"Navigation\" \n\t\t data-wp-interactive=\"core\/navigation\" data-wp-context='{\"overlayOpenedBy\":{\"click\":false,\"hover\":false,\"focus\":false},\"type\":\"overlay\",\"roleAttribute\":\"\",\"ariaLabel\":\"Menu\"}'><button aria-haspopup=\"dialog\" aria-label=\"Open menu\" class=\"wp-block-navigation__responsive-container-open\" \n\t\t\t\tdata-wp-on--click=\"actions.openMenuOnClick\"\n\t\t\t\tdata-wp-on--keydown=\"actions.handleMenuKeydown\"\n\t\t\t><svg width=\"24\" height=\"24\" xmlns=\"http:\/\/www.w3.org\/2000\/svg\" viewBox=\"0 0 24 24\" aria-hidden=\"true\" focusable=\"false\"><path d=\"M4 7.5h16v1.5H4z\"><\/path><path d=\"M4 15h16v1.5H4z\"><\/path><\/svg><\/button>\n\t\t\t\t<div class=\"wp-block-navigation__responsive-container\"  id=\"modal-1\" \n\t\t\t\tdata-wp-class--has-modal-open=\"state.isMenuOpen\"\n\t\t\t\tdata-wp-class--is-menu-open=\"state.isMenuOpen\"\n\t\t\t\tdata-wp-watch=\"callbacks.initMenu\"\n\t\t\t\tdata-wp-on--keydown=\"actions.handleMenuKeydown\"\n\t\t\t\tdata-wp-on--focusout=\"actions.handleMenuFocusout\"\n\t\t\t\ttabindex=\"-1\"\n\t\t\t>\n\t\t\t\t\t<div class=\"wp-block-navigation__responsive-close\" tabindex=\"-1\">\n\t\t\t\t\t\t<div class=\"wp-block-navigation__responsive-dialog\" \n\t\t\t\tdata-wp-bind--aria-modal=\"state.ariaModal\"\n\t\t\t\tdata-wp-bind--aria-label=\"state.ariaLabel\"\n\t\t\t\tdata-wp-bind--role=\"state.roleAttribute\"\n\t\t\t>\n\t\t\t\t\t\t\t<button aria-label=\"Close menu\" class=\"wp-block-navigation__responsive-container-close\" \n\t\t\t\tdata-wp-on--click=\"actions.closeMenuOnClick\"\n\t\t\t><svg xmlns=\"http:\/\/www.w3.org\/2000\/svg\" viewBox=\"0 0 24 24\" width=\"24\" height=\"24\" aria-hidden=\"true\" focusable=\"false\"><path d=\"m13.06 12 6.47-6.47-1.06-1.06L12 10.94 5.53 4.47 4.47 5.53 10.94 12l-6.47 6.47 1.06 1.06L12 13.06l6.47 6.47 1.06-1.06L13.06 12Z\"><\/path><\/svg><\/button>\n\t\t\t\t\t\t\t<div class=\"wp-block-navigation__responsive-container-content\" \n\t\t\t\tdata-wp-watch=\"callbacks.focusFirstElement\"\n\t\t\t id=\"modal-1-content\">\n\t\t\t\t\t\t\t\t<ul class=\"wp-block-navigation__container is-responsive items-justified-right wp-block-navigation\"><li class=\" wp-block-navigation-item wp-block-navigation-link\"><a class=\"wp-block-navigation-item__content\"  href=\"https:\/\/redcientificacol.org\/index.php\/contacto\/\"><span class=\"wp-block-navigation-item__label\">\u00danete al directorio<\/span><\/a><\/li><li class=\" wp-block-navigation-item wp-block-navigation-link\"><a class=\"wp-block-navigation-item__content\"  href=\"https:\/\/redcientificacol.org\/index.php\/acerca-del-proyecto\/\"><span class=\"wp-block-navigation-item__label\">Proyecto<\/span><\/a><\/li><li class=\" wp-block-navigation-item wp-block-navigation-link\"><a class=\"wp-block-navigation-item__content\"  href=\"https:\/\/redcientificacol.org\/index.php\/red-de-redes-2\/\"><span class=\"wp-block-navigation-item__label\">Red de Redes<\/span><\/a><\/li><li class=\" wp-block-navigation-item wp-block-navigation-link\"><a class=\"wp-block-navigation-item__content\"  href=\"https:\/\/redcientificacol.org\/index.php\/equipo-de-trabajo\/\"><span class=\"wp-block-navigation-item__label\">Equipo de trabajo<\/span><\/a><\/li><li class=\" wp-block-navigation-item wp-block-navigation-link\"><a class=\"wp-block-navigation-item__content\"  href=\"https:\/\/redcientificacol.org\/index.php\/cop16-colombia\/\"><span class=\"wp-block-navigation-item__label\">Diplomacia Cient\u00edfica<\/span><\/a><\/li><\/ul>\n\t\t\t\t\t\t\t<\/div>\n\t\t\t\t\t\t<\/div>\n\t\t\t\t\t<\/div>\n\t\t\t\t<\/div><\/nav><\/div>\n<\/div>\n<\/div>\n\n\n\n<div class=\"wp-block-group alignfull has-background-color has-foreground-background-color has-text-color has-background has-link-color wp-elements-85480889583af798f7f4c8ae8b863dd1 has-global-padding is-layout-constrained wp-container-core-group-is-layout-53118e0a wp-block-group-is-layout-constrained\" style=\"margin-top:0px;margin-bottom:0px;padding-top:7vw;padding-bottom:7vw\">\n<div class=\"wp-block-group alignwide is-layout-flow wp-container-core-group-is-layout-7fea69c4 wp-block-group-is-layout-flow\">\n<div class=\"wp-block-columns alignwide is-layout-flex wp-container-core-columns-is-layout-28f84493 wp-block-columns-is-layout-flex\">\n<div class=\"wp-block-column is-layout-flow wp-block-column-is-layout-flow\">\n<div class=\"wp-block-group is-layout-flow wp-block-group-is-layout-flow\">\n<div class=\"wp-block-columns alignfull is-layout-flex wp-container-core-columns-is-layout-28f84493 wp-block-columns-is-layout-flex\">\n<div class=\"wp-block-column is-layout-flow wp-block-column-is-layout-flow\" style=\"flex-basis:30%\">\n<figure data-wp-context=\"{&quot;imageId&quot;:&quot;69f33cda49426&quot;}\" data-wp-interactive=\"core\/image\" data-wp-key=\"69f33cda49426\" class=\"wp-block-image is-resized is-style-rounded is-style-rounded--2 wp-lightbox-container\"><img loading=\"lazy\" decoding=\"async\" width=\"251\" height=\"250\" data-wp-class--hide=\"state.isContentHidden\" data-wp-class--show=\"state.isContentVisible\" data-wp-init=\"callbacks.setButtonStyles\" data-wp-on--click=\"actions.showLightbox\" data-wp-on--load=\"callbacks.setButtonStyles\" data-wp-on-window--resize=\"callbacks.setButtonStyles\" src=\"https:\/\/redcientificacol.org\/wp-content\/uploads\/2023\/08\/m._medina.jpg\" alt=\"\" class=\"wp-image-267\" style=\"object-fit:cover;width:160px;height:160px\" srcset=\"https:\/\/redcientificacol.org\/wp-content\/uploads\/2023\/08\/m._medina.jpg 251w, https:\/\/redcientificacol.org\/wp-content\/uploads\/2023\/08\/m._medina-150x150.jpg 150w\" sizes=\"auto, (max-width: 251px) 100vw, 251px\" \/><button\n\t\t\tclass=\"lightbox-trigger\"\n\t\t\ttype=\"button\"\n\t\t\taria-haspopup=\"dialog\"\n\t\t\taria-label=\"Enlarge\"\n\t\t\tdata-wp-init=\"callbacks.initTriggerButton\"\n\t\t\tdata-wp-on--click=\"actions.showLightbox\"\n\t\t\tdata-wp-style--right=\"state.imageButtonRight\"\n\t\t\tdata-wp-style--top=\"state.imageButtonTop\"\n\t\t>\n\t\t\t<svg xmlns=\"http:\/\/www.w3.org\/2000\/svg\" width=\"12\" height=\"12\" fill=\"none\" viewBox=\"0 0 12 12\">\n\t\t\t\t<path fill=\"#fff\" d=\"M2 0a2 2 0 0 0-2 2v2h1.5V2a.5.5 0 0 1 .5-.5h2V0H2Zm2 10.5H2a.5.5 0 0 1-.5-.5V8H0v2a2 2 0 0 0 2 2h2v-1.5ZM8 12v-1.5h2a.5.5 0 0 0 .5-.5V8H12v2a2 2 0 0 1-2 2H8Zm2-12a2 2 0 0 1 2 2v2h-1.5V2a.5.5 0 0 0-.5-.5H8V0h2Z\" \/>\n\t\t\t<\/svg>\n\t\t<\/button><\/figure>\n<\/div>\n\n\n\n<div class=\"wp-block-column is-layout-flow wp-block-column-is-layout-flow\"><\/div>\n\n\n\n<div class=\"wp-block-column is-layout-flow wp-block-column-is-layout-flow\" style=\"flex-basis:70%\">\n<p class=\"has-primary-color has-text-color has-link-color wp-elements-f7966b5913355cfe9b7aa9e88d249672\"><strong>Dr. M\u00f3nica Medina. Ph.D.<\/strong><\/p>\n\n\n\n<p class=\"has-primary-color has-text-color has-link-color wp-elements-28f3e7f51c419f04d38bcf00bf1d94fb\"><strong>Profesora de Biolog\u00eda<\/strong> <strong>PSU<\/strong><\/p>\n\n\n\n<p class=\"has-primary-color has-text-color has-link-color wp-elements-e63a7ce1e44946ce3b1f502cc6f8c251\">Bi\u00f3loga destacada por su trabajo pionero en la aplicaci\u00f3n de enfoques gen\u00f3micos a la ciencia de los arrecifes de coral y la simbiosis alga coral.<\/p>\n\n\n\n<p class=\"has-primary-color has-text-color has-link-color wp-elements-6971241888582c3ca4a1e673a4b32e0d\">Adem\u00e1s de su labor cient\u00edfica, ha desempe\u00f1ado un papel fundamental en la lucha por la protecci\u00f3n del arrecife de Varadero, cerca de Cartagena (Colombia), trabajando con las comunidades en los esfuerzos de conservaci\u00f3n. Como parte de su compromiso con la diversidad y la inclusi\u00f3n en la ciencia, ha defendido a las minor\u00edas sub representadas en STEM a trav\u00e9s de su participaci\u00f3n en iniciativas como INCLUDES-NSF. Promotora de la diversidad en STEM. <\/p>\n<\/div>\n<\/div>\n<\/div>\n<\/div>\n\n\n\n<div class=\"wp-block-column is-layout-flow wp-block-column-is-layout-flow\">\n<div class=\"wp-block-group is-layout-flow wp-block-group-is-layout-flow\">\n<div class=\"wp-block-columns is-layout-flex wp-container-core-columns-is-layout-28f84493 wp-block-columns-is-layout-flex\">\n<div class=\"wp-block-column is-layout-flow wp-block-column-is-layout-flow\" style=\"flex-basis:37.5%\">\n<figure class=\"wp-block-image is-resized is-style-rounded is-style-rounded--3\"><img decoding=\"async\" src=\"https:\/\/redcientificacol.org\/wp-content\/uploads\/2023\/08\/Julian-Prieto-1024x1024.jpg\" alt=\"\" class=\"wp-image-243\" style=\"object-fit:cover;width:160px;height:160px\"\/><\/figure>\n<\/div>\n\n\n\n<div class=\"wp-block-column is-layout-flow wp-block-column-is-layout-flow\" style=\"flex-basis:70%\">\n<p class=\"has-primary-color has-text-color has-link-color wp-elements-60be08b60a84eb16a7124e65ba7d5905\"><strong>Julian Prieto B. <\/strong><\/p>\n\n\n\n<p class=\"has-primary-color has-text-color has-link-color wp-elements-4177da8401631d75760962de74847828\"><strong>Candidato a Ph.D. <\/strong> <\/p>\n\n\n\n<p class=\"has-primary-color has-text-color has-link-color wp-elements-b3a68488c38576d40ff95beaaedb06be\">Estudiante de doctorado en teor\u00eda y pol\u00edticas de educaci\u00f3n en la Facultad de Educaci\u00f3n de Penn State. Sus \u00e1reas de especializaci\u00f3n incluyen: la diplomacia cient\u00edfica, alianzas estrat\u00e9gicas internacionales, internacionalizaci\u00f3n de la educaci\u00f3n y fundraising. Actualmente, coordina la Alianza WEF Nexus entre Penn State y Colombia. Ha sido becario del DAAD, Fulbright, Minciencias y Colfuturo y en su vida profesional ha tenido experiencia con el sector p\u00fablico, agencias de cooperaci\u00f3n internacional e instituciones de educaci\u00f3n superior.\u00a0<\/p>\n\n\n\n<p class=\"has-primary-color has-text-color has-link-color wp-elements-f53d0f2000e7e509d3e7c91eff2b425b\"><\/p>\n<\/div>\n<\/div>\n<\/div>\n<\/div>\n<\/div>\n\n\n\n<div class=\"wp-block-columns alignwide is-layout-flex wp-container-core-columns-is-layout-28f84493 wp-block-columns-is-layout-flex\">\n<div class=\"wp-block-column is-layout-flow wp-block-column-is-layout-flow\">\n<div class=\"wp-block-group is-layout-flow wp-block-group-is-layout-flow\">\n<div class=\"wp-block-columns alignfull is-layout-flex wp-container-core-columns-is-layout-28f84493 wp-block-columns-is-layout-flex\">\n<div class=\"wp-block-column is-layout-flow wp-block-column-is-layout-flow\" style=\"flex-basis:30%\">\n<figure data-wp-context=\"{&quot;imageId&quot;:&quot;69f33cda4a856&quot;}\" data-wp-interactive=\"core\/image\" data-wp-key=\"69f33cda4a856\" class=\"wp-block-image size-large is-resized is-style-rounded is-style-rounded--4 wp-lightbox-container\"><img loading=\"lazy\" decoding=\"async\" width=\"768\" height=\"1024\" data-wp-class--hide=\"state.isContentHidden\" data-wp-class--show=\"state.isContentVisible\" data-wp-init=\"callbacks.setButtonStyles\" data-wp-on--click=\"actions.showLightbox\" data-wp-on--load=\"callbacks.setButtonStyles\" data-wp-on-window--resize=\"callbacks.setButtonStyles\" src=\"https:\/\/redcientificacol.org\/wp-content\/uploads\/2024\/07\/Ana-S-768x1024.jpg\" alt=\"\" class=\"wp-image-1318\" style=\"object-fit:cover;width:160px;height:160px\" srcset=\"https:\/\/redcientificacol.org\/wp-content\/uploads\/2024\/07\/Ana-S-768x1024.jpg 768w, https:\/\/redcientificacol.org\/wp-content\/uploads\/2024\/07\/Ana-S-225x300.jpg 225w, https:\/\/redcientificacol.org\/wp-content\/uploads\/2024\/07\/Ana-S-1152x1536.jpg 1152w, https:\/\/redcientificacol.org\/wp-content\/uploads\/2024\/07\/Ana-S-1536x2048.jpg 1536w, https:\/\/redcientificacol.org\/wp-content\/uploads\/2024\/07\/Ana-S-scaled.jpg 1920w\" sizes=\"auto, (max-width: 768px) 100vw, 768px\" \/><button\n\t\t\tclass=\"lightbox-trigger\"\n\t\t\ttype=\"button\"\n\t\t\taria-haspopup=\"dialog\"\n\t\t\taria-label=\"Enlarge\"\n\t\t\tdata-wp-init=\"callbacks.initTriggerButton\"\n\t\t\tdata-wp-on--click=\"actions.showLightbox\"\n\t\t\tdata-wp-style--right=\"state.imageButtonRight\"\n\t\t\tdata-wp-style--top=\"state.imageButtonTop\"\n\t\t>\n\t\t\t<svg xmlns=\"http:\/\/www.w3.org\/2000\/svg\" width=\"12\" height=\"12\" fill=\"none\" viewBox=\"0 0 12 12\">\n\t\t\t\t<path fill=\"#fff\" d=\"M2 0a2 2 0 0 0-2 2v2h1.5V2a.5.5 0 0 1 .5-.5h2V0H2Zm2 10.5H2a.5.5 0 0 1-.5-.5V8H0v2a2 2 0 0 0 2 2h2v-1.5ZM8 12v-1.5h2a.5.5 0 0 0 .5-.5V8H12v2a2 2 0 0 1-2 2H8Zm2-12a2 2 0 0 1 2 2v2h-1.5V2a.5.5 0 0 0-.5-.5H8V0h2Z\" \/>\n\t\t\t<\/svg>\n\t\t<\/button><\/figure>\n<\/div>\n\n\n\n<div class=\"wp-block-column is-layout-flow wp-block-column-is-layout-flow\"><\/div>\n\n\n\n<div class=\"wp-block-column is-layout-flow wp-block-column-is-layout-flow\" style=\"flex-basis:70%\">\n<p class=\"has-primary-color has-text-color has-link-color wp-elements-e6726ff71a30d6a590d68d21fba7a394\"><strong>Ana Saborio. MFA <\/strong><\/p>\n\n\n\n<p class=\"has-primary-color has-text-color has-link-color wp-elements-bb7d422ff611418e644bdf9282724631\"><strong>Web and Graphic Designer<\/strong><\/p>\n\n\n\n<p class=\"has-primary-color has-text-color has-link-color wp-elements-baf16c8e2c73fbd1ef82598df6784999\">Comunicadora Visual especializada en dise\u00f1o de campa\u00f1as publicitarias y comunicaci\u00f3n cient\u00edfica. A lo largo de su carrera, ha desarrollado estrategias para campa\u00f1as de impacto en diversos medios, incluyendo dise\u00f1o UX, desarrollo web, contenido para redes sociales y gr\u00e1ficos en movimiento. Ha trabajado con marcas reconocidas como Copa Airlines, Penn State University, Nestl\u00e9 Centroam\u00e9rica y Sudam\u00e9rica. Apasionada por la colaboraci\u00f3n interdisciplinaria.<\/p>\n<\/div>\n<\/div>\n<\/div>\n<\/div>\n\n\n\n<div class=\"wp-block-column is-layout-flow wp-block-column-is-layout-flow\">\n<div class=\"wp-block-group is-layout-flow wp-block-group-is-layout-flow\">\n<div class=\"wp-block-columns is-layout-flex wp-container-core-columns-is-layout-28f84493 wp-block-columns-is-layout-flex\">\n<div class=\"wp-block-column is-layout-flow wp-block-column-is-layout-flow\" style=\"flex-basis:37.5%\">\n<figure class=\"wp-block-image size-large is-resized is-style-rounded is-style-rounded--5\"><img loading=\"lazy\" decoding=\"async\" width=\"1024\" height=\"1024\" src=\"https:\/\/redcientificacol.org\/wp-content\/uploads\/2024\/07\/PHOTO-2024-05-28-12-33-27-1024x1024.jpg\" alt=\"\" class=\"wp-image-1314\" style=\"object-fit:cover;width:160px;height:160px\" srcset=\"https:\/\/redcientificacol.org\/wp-content\/uploads\/2024\/07\/PHOTO-2024-05-28-12-33-27-1024x1024.jpg 1024w, https:\/\/redcientificacol.org\/wp-content\/uploads\/2024\/07\/PHOTO-2024-05-28-12-33-27-300x300.jpg 300w, https:\/\/redcientificacol.org\/wp-content\/uploads\/2024\/07\/PHOTO-2024-05-28-12-33-27-150x150.jpg 150w, https:\/\/redcientificacol.org\/wp-content\/uploads\/2024\/07\/PHOTO-2024-05-28-12-33-27-768x768.jpg 768w, https:\/\/redcientificacol.org\/wp-content\/uploads\/2024\/07\/PHOTO-2024-05-28-12-33-27.jpg 1440w\" sizes=\"auto, (max-width: 1024px) 100vw, 1024px\" \/><\/figure>\n<\/div>\n\n\n\n<div class=\"wp-block-column is-layout-flow wp-block-column-is-layout-flow\" style=\"flex-basis:70%\">\n<p class=\"has-primary-color has-text-color has-link-color wp-elements-9be3dba3631d4900dbd58708f32ee371\"><strong>Esmeralda Bermeo <\/strong><\/p>\n\n\n\n<p class=\"has-primary-color has-text-color has-link-color wp-elements-d70d173dcc2842862964e4f0e5daebce\"><strong>Comercio Internacional<\/strong><\/p>\n\n\n\n<p class=\"has-primary-color has-text-color has-link-color wp-elements-7212c790c3baeae6fee67acc571c5661\">Profesional en comercio internacional con una s\u00f3lida experiencia en la internacionalizaci\u00f3n de la educaci\u00f3n superior en Colombia. Ha liderado estrategias de internalizaci\u00f3n en casa y programas que fomentan la integraci\u00f3n y el intercambio acad\u00e9mico.\u00a0<\/p>\n\n\n\n<p class=\"has-primary-color has-text-color has-link-color wp-elements-f53d0f2000e7e509d3e7c91eff2b425b\"><\/p>\n<\/div>\n<\/div>\n<\/div>\n<\/div>\n<\/div>\n<\/div>\n<\/div>\n\n\n\n<figure class=\"wp-block-image alignfull size-full\"><img loading=\"lazy\" decoding=\"async\" width=\"2048\" height=\"202\" src=\"https:\/\/redcientificacol.org\/wp-content\/uploads\/2024\/07\/image-3.png\" alt=\"\" class=\"wp-image-1444\" srcset=\"https:\/\/redcientificacol.org\/wp-content\/uploads\/2024\/07\/image-3.png 2048w, https:\/\/redcientificacol.org\/wp-content\/uploads\/2024\/07\/image-3-300x30.png 300w, https:\/\/redcientificacol.org\/wp-content\/uploads\/2024\/07\/image-3-1024x101.png 1024w, https:\/\/redcientificacol.org\/wp-content\/uploads\/2024\/07\/image-3-768x76.png 768w, https:\/\/redcientificacol.org\/wp-content\/uploads\/2024\/07\/image-3-1536x152.png 1536w\" sizes=\"auto, (max-width: 2048px) 100vw, 2048px\" \/><\/figure>\n","protected":false},"excerpt":{"rendered":"<p>Dr. M\u00f3nica Medina. Ph.D. Profesora de Biolog\u00eda PSU Bi\u00f3loga destacada por su trabajo pionero en la aplicaci\u00f3n de enfoques gen\u00f3micos a la ciencia de los arrecifes de coral y la simbiosis alga coral. Adem\u00e1s de su labor cient\u00edfica, ha desempe\u00f1ado un papel fundamental en la lucha por la protecci\u00f3n del arrecife de Varadero, cerca de [&hellip;]<\/p>\n","protected":false},"author":4,"featured_media":0,"parent":0,"menu_order":0,"comment_status":"closed","ping_status":"closed","template":"","meta":{"_gspb_post_css":"","_monsterinsights_skip_tracking":false,"_monsterinsights_sitenote_active":false,"_monsterinsights_sitenote_note":"","_monsterinsights_sitenote_category":0,"_uf_show_specific_survey":0,"_uf_disable_surveys":false,"footnotes":""},"class_list":["post-1877","page","type-page","status-publish","hentry"],"aioseo_notices":[],"_links":{"self":[{"href":"https:\/\/redcientificacol.org\/index.php\/wp-json\/wp\/v2\/pages\/1877","targetHints":{"allow":["GET"]}}],"collection":[{"href":"https:\/\/redcientificacol.org\/index.php\/wp-json\/wp\/v2\/pages"}],"about":[{"href":"https:\/\/redcientificacol.org\/index.php\/wp-json\/wp\/v2\/types\/page"}],"author":[{"embeddable":true,"href":"https:\/\/redcientificacol.org\/index.php\/wp-json\/wp\/v2\/users\/4"}],"replies":[{"embeddable":true,"href":"https:\/\/redcientificacol.org\/index.php\/wp-json\/wp\/v2\/comments?post=1877"}],"version-history":[{"count":0,"href":"https:\/\/redcientificacol.org\/index.php\/wp-json\/wp\/v2\/pages\/1877\/revisions"}],"wp:attachment":[{"href":"https:\/\/redcientificacol.org\/index.php\/wp-json\/wp\/v2\/media?parent=1877"}],"curies":[{"name":"wp","href":"https:\/\/api.w.org\/{rel}","templated":true}]}}